{"id":4098,"date":"2021-05-23T14:28:12","date_gmt":"2021-05-23T12:28:12","guid":{"rendered":"https:\/\/esmentguies.es\/politica-de-privacidad\/"},"modified":"2025-02-13T13:06:19","modified_gmt":"2025-02-13T12:06:19","slug":"politica-de-privacidad","status":"publish","type":"page","link":"https:\/\/esmentguies.es\/ca\/politica-de-privacidad\/","title":{"rendered":"Pol\u00edtica de Privacitat"},"content":{"rendered":"<\/p>\n<p>Darrera modificaci\u00f3: 26 de febrer del 2021<\/p>\n<p>Per favor, llegeixi aquesta pol\u00edtica detingudament. Hi trobar\u00e0 informaci\u00f3 important sobre el tractament de les seves dades personals i els drets que li reconeix la normativa vigent en la mat\u00e8ria.<\/p>\n<p>Ens reservem el dret d&#8217;actualitzar la nostra pol\u00edtica de privacitat en qualsevol moment amb motiu de decisions operatives, aix\u00ed com per complir amb eventuals canvis legislatius o jurisprudencials. Si t\u00e9 dubtes o necessita qualsevol aclariment respecte a la nostra Pol\u00edtica de privacitat o als seus drets, pot contactar amb nosaltres a trav\u00e9s dels canals que s&#8217;indiquen m\u00e9s avall.<\/p>\n<p>De manera general, els camps dels nostres formularis que s\u00f3n assenyalats com a obligatoris, hauran de ser necess\u00e0riament emplenats per poder tramitar les seves sol\u00b7licituds.<\/p>\n<ol>\n<li><strong>Qui \u00e9s el responsable del tractament de les seves dades?  <\/strong>El responsable del tractament de les dades personals recollides en aquesta web \u00e9s Amadip.Esment Fundaci\u00f3, amb domicili a Carrer d \u0301Ens 1, 07002 Palma (Illes Balears). Pot contactar amb el nostre Delegat de Protecci\u00f3 de Dades en <a href=\"mailto:dpd@esment.org\">dpd@esment.org<\/a><\/li>\n<li><strong>Per a qu\u00e8 tractarem les seves dades i sobre quina base jur\u00eddica?<\/strong><\/li>\n<\/ol>\n<p><strong>Atenci\u00f3 a consultes: <\/strong>Les dades proporcionades en el formulari de contacte o en les consultes que ens envi\u00ef seran tractades per atendre les seves sol\u00b7licituds.<\/p>\n<p>Aquest tractament \u00e9s necessari per a l&#8217; aplicaci\u00f3 de mesures precontractuals a la seva pr\u00f2pia petici\u00f3.<\/p>\n<p><strong>Fins estad\u00edstics i de gesti\u00f3 de qualitat:<\/strong> Per tal d&#8217;avaluar i gestionar la qualitat del nostre web realitzem estad\u00edstiques a partir de dades agregades obtingudes de les dades de navegaci\u00f3 dels nostres visitants, p. ex. adre\u00e7a IP, weblogs, p\u00e0gines visitades o accions realitzades a la Web (+ info en la nostra pol\u00edtica de cookies).<\/p>\n<p>Aquest tractament es basa en el nostre inter\u00e8s leg\u00edtim per avaluar i gestionar la qualitat dels nostres serveis i productes. Per a la ponderaci\u00f3 d&#8217; aquest inter\u00e8s respecte als seus drets i llibertats s&#8217; ha determinat que el tractament tenia un impacte limitat en la privacitat dels interessats, corresponia a expectatives raonables dels mateixos i no plantejava amenaces significatives.<\/p>\n<ol start=\"3\">\n<li><strong>A qui podem comunicar les seves dades?<\/strong>  Les seves dades nom\u00e9s seran comunicades a tercers per obligaci\u00f3 legal, amb el seu consentiment o quan la seva petici\u00f3 impliqui aquesta comunicaci\u00f3.<\/li>\n<li><strong>Quant temps conservarem les seves dades?<\/strong>  De manera general conservarem les seves dades durant la vig\u00e8ncia de la relaci\u00f3 que mant\u00e9 amb nosaltres i en tot cas durant els terminis previstos en les disposicions legals aplicables, per exemple, en mat\u00e8ria comptable i fiscal, i durant el temps necessari per atendre possibles responsabilitats nascudes del tractament. Cancel\u00b7larem les seves dades quan hagin deixat de ser necess\u00e0ries o pertinents per a les finalitats per a les quals van ser recaptades.<\/li>\n<li><strong>Quins s\u00f3n els seus drets?  <\/strong>T\u00e9 dret a obtenir confirmaci\u00f3 de si estem tractant o no les seves dades personals i, en aquest cas, accedir-hi. Pot igualment demanar que les seves dades siguin rectificades quan siguin inexactes o que es completin les dades que siguin incompletes, aix\u00ed com sol\u00b7licitar la seva supressi\u00f3 quan, entre altres motius, les dades ja no siguin necess\u00e0ries per a les finalitats per a les quals van ser recollides.<\/li>\n<\/ol>\n<p>En determinades circumst\u00e0ncies, podr\u00e0 sol\u00b7licitar la limitaci\u00f3 del tractament de les seves dades. En aquest cas, nom\u00e9s tractarem les dades afectades per a la formulaci\u00f3, l&#8217; exercici o la defensa de reclamacions o amb vista a la protecci\u00f3 dels drets d&#8217; altres persones. En determinades condicions i per motius relacionats amb la seva situaci\u00f3 particular, podr\u00e0 igualment oposar-se al tractament de les seves dades. En aquest cas, deixarem de tractar les dades llevat de motius leg\u00edtims imperiosos que prevalguin sobre els seus interessos o drets i llibertats, o per a la formulaci\u00f3, l&#8217; exercici o la defensa de reclamacions. Aix\u00ed mateix i sota certes condicions podr\u00e0 sol\u00b7licitar la portabilitat de les seves dades perqu\u00e8 siguin transmesos a un altre responsable del tractament.<\/p>\n<p>Pot revocar el consentiment que hagu\u00e9s prestat per a determinades finalitats, sense que aix\u00f2 afecti la licitud del tractament basat en el consentiment previ a la seva retirada, i presentar una reclamaci\u00f3 davant l&#8217; Ag\u00e8ncia Espanyola de Protecci\u00f3 de Dades.<\/p>\n<p>Per exercir els seus drets haur\u00e0 de remetre&#8217;ns una sol\u00b7licitud per correu postal o electr\u00f2nic a les adreces indicades a l&#8217;apartat Qui \u00e9s el responsable del tractament de les seves dades?<\/p>\n<p>Podr\u00e0 obtenir m\u00e9s informaci\u00f3 sobre els seus drets a la p\u00e0gina de l&#8217; Ag\u00e8ncia Espanyola de Protecci\u00f3 de Dades en <a href=\"https:\/\/www.aepd.es\">www.aepd.es<\/a>.<\/p>\n\n<p><\/p>\n","protected":false},"excerpt":{"rendered":"<p>Darrera modificaci\u00f3: 26 de febrer del 2021 Per favor, llegeixi aquesta pol\u00edtica detingudament. Hi trobar\u00e0 informaci\u00f3 important sobre el tractament de les seves dades personals i els drets que li reconeix la normativa vigent en la mat\u00e8ria. Ens reservem el dret d&#8217;actualitzar la nostra pol\u00edtica de privacitat en qualsevol moment amb motiu de decisions operatives, [&hellip;]<\/p>\n","protected":false},"author":1,"featured_media":0,"parent":0,"menu_order":0,"comment_status":"closed","ping_status":"closed","template":"","meta":{"_uag_custom_page_level_css":"","site-sidebar-layout":"default","site-content-layout":"","ast-site-content-layout":"default","site-content-style":"default","site-sidebar-style":"default","ast-global-header-display":"","ast-banner-title-visibility":"","ast-main-header-display":"","ast-hfb-above-header-display":"","ast-hfb-below-header-display":"","ast-hfb-mobile-header-display":"","site-post-title":"","ast-breadcrumbs-content":"","ast-featured-img":"","footer-sml-layout":"","ast-disable-related-posts":"","theme-transparent-header-meta":"","adv-header-id-meta":"4037","stick-header-meta":"","header-above-stick-meta":"","header-main-stick-meta":"","header-below-stick-meta":"","astra-migrate-meta-layouts":"default","ast-page-background-enabled":"default","ast-page-background-meta":{"desktop":{"background-color":"var(--ast-global-color-4)","background-image":"","background-repeat":"repeat","background-position":"center center","background-size":"auto","background-attachment":"scroll","background-type":"","background-media":"","overlay-type":"","overlay-color":"","overlay-opacity":"","overlay-gradient":""},"tablet":{"background-color":"","background-image":"","background-repeat":"repeat","background-position":"center center","background-size":"auto","background-attachment":"scroll","background-type":"","background-media":"","overlay-type":"","overlay-color":"","overlay-opacity":"","overlay-gradient":""},"mobile":{"background-color":"","background-image":"","background-repeat":"repeat","background-position":"center center","background-size":"auto","background-attachment":"scroll","background-type":"","background-media":"","overlay-type":"","overlay-color":"","overlay-opacity":"","overlay-gradient":""}},"ast-content-background-meta":{"desktop":{"background-color":"var(--ast-global-color-5)","background-image":"","background-repeat":"repeat","background-position":"center center","background-size":"auto","background-attachment":"scroll","background-type":"","background-media":"","overlay-type":"","overlay-color":"","overlay-opacity":"","overlay-gradient":""},"tablet":{"background-color":"var(--ast-global-color-5)","background-image":"","background-repeat":"repeat","background-position":"center center","background-size":"auto","background-attachment":"scroll","background-type":"","background-media":"","overlay-type":"","overlay-color":"","overlay-opacity":"","overlay-gradient":""},"mobile":{"background-color":"var(--ast-global-color-5)","background-image":"","background-repeat":"repeat","background-position":"center center","background-size":"auto","background-attachment":"scroll","background-type":"","background-media":"","overlay-type":"","overlay-color":"","overlay-opacity":"","overlay-gradient":""}},"footnotes":""},"class_list":["post-4098","page","type-page","status-publish","hentry"],"yoast_head":"<!-- This site is optimized with the Yoast SEO plugin v27.5 - https:\/\/yoast.com\/product\/yoast-seo-wordpress\/ -->\n<title>Pol\u00edtica de Privacitat - Esment Guies<\/title>\n<meta name=\"robots\" content=\"index, follow, max-snippet:-1, max-image-preview:large, max-video-preview:-1\" \/>\n<link rel=\"canonical\" href=\"https:\/\/esmentguies.es\/ca\/politica-de-privacidad\/\" \/>\n<meta property=\"og:locale\" content=\"ca_ES\" \/>\n<meta property=\"og:type\" content=\"article\" \/>\n<meta property=\"og:title\" content=\"Pol\u00edtica de Privacitat - Esment Guies\" \/>\n<meta property=\"og:description\" content=\"Darrera modificaci\u00f3: 26 de febrer del 2021 Per favor, llegeixi aquesta pol\u00edtica detingudament. Hi trobar\u00e0 informaci\u00f3 important sobre el tractament de les seves dades personals i els drets que li reconeix la normativa vigent en la mat\u00e8ria. Ens reservem el dret d&#8217;actualitzar la nostra pol\u00edtica de privacitat en qualsevol moment amb motiu de decisions operatives, [&hellip;]\" \/>\n<meta property=\"og:url\" content=\"https:\/\/esmentguies.es\/ca\/politica-de-privacidad\/\" \/>\n<meta property=\"og:site_name\" content=\"Esment Guies\" \/>\n<meta property=\"article:modified_time\" content=\"2025-02-13T12:06:19+00:00\" \/>\n<meta name=\"twitter:card\" content=\"summary_large_image\" \/>\n<meta name=\"twitter:label1\" content=\"Temps estimat de lectura\" \/>\n\t<meta name=\"twitter:data1\" content=\"4 minuts\" \/>\n<script type=\"application\/ld+json\" class=\"yoast-schema-graph\">{\"@context\":\"https:\\\/\\\/schema.org\",\"@graph\":[{\"@type\":\"WebPage\",\"@id\":\"https:\\\/\\\/esmentguies.es\\\/ca\\\/politica-de-privacidad\\\/\",\"url\":\"https:\\\/\\\/esmentguies.es\\\/ca\\\/politica-de-privacidad\\\/\",\"name\":\"Pol\u00edtica de Privacitat - Esment Guies\",\"isPartOf\":{\"@id\":\"https:\\\/\\\/esmentguies.es\\\/ca\\\/#website\"},\"datePublished\":\"2021-05-23T12:28:12+00:00\",\"dateModified\":\"2025-02-13T12:06:19+00:00\",\"breadcrumb\":{\"@id\":\"https:\\\/\\\/esmentguies.es\\\/ca\\\/politica-de-privacidad\\\/#breadcrumb\"},\"inLanguage\":\"ca\",\"potentialAction\":[{\"@type\":\"ReadAction\",\"target\":[\"https:\\\/\\\/esmentguies.es\\\/ca\\\/politica-de-privacidad\\\/\"]}]},{\"@type\":\"BreadcrumbList\",\"@id\":\"https:\\\/\\\/esmentguies.es\\\/ca\\\/politica-de-privacidad\\\/#breadcrumb\",\"itemListElement\":[{\"@type\":\"ListItem\",\"position\":1,\"name\":\"Portada\",\"item\":\"https:\\\/\\\/esmentguies.es\\\/ca\\\/home\\\/\"},{\"@type\":\"ListItem\",\"position\":2,\"name\":\"Pol\u00edtica de Privacitat\"}]},{\"@type\":\"WebSite\",\"@id\":\"https:\\\/\\\/esmentguies.es\\\/ca\\\/#website\",\"url\":\"https:\\\/\\\/esmentguies.es\\\/ca\\\/\",\"name\":\"Esment Guies\",\"description\":\"Una forma de conocer el proyecto de la entidad y de atenci\u00f3n al visitante con valor social.\",\"publisher\":{\"@id\":\"https:\\\/\\\/esmentguies.es\\\/ca\\\/#organization\"},\"potentialAction\":[{\"@type\":\"SearchAction\",\"target\":{\"@type\":\"EntryPoint\",\"urlTemplate\":\"https:\\\/\\\/esmentguies.es\\\/ca\\\/?s={search_term_string}\"},\"query-input\":{\"@type\":\"PropertyValueSpecification\",\"valueRequired\":true,\"valueName\":\"search_term_string\"}}],\"inLanguage\":\"ca\"},{\"@type\":\"Organization\",\"@id\":\"https:\\\/\\\/esmentguies.es\\\/ca\\\/#organization\",\"name\":\"Esment Guies\",\"url\":\"https:\\\/\\\/esmentguies.es\\\/ca\\\/\",\"logo\":{\"@type\":\"ImageObject\",\"inLanguage\":\"ca\",\"@id\":\"https:\\\/\\\/esmentguies.es\\\/ca\\\/#\\\/schema\\\/logo\\\/image\\\/\",\"url\":\"https:\\\/\\\/esmentguies.es\\\/wp-content\\\/uploads\\\/2018\\\/02\\\/blanco.png\",\"contentUrl\":\"https:\\\/\\\/esmentguies.es\\\/wp-content\\\/uploads\\\/2018\\\/02\\\/blanco.png\",\"width\":764,\"height\":188,\"caption\":\"Esment Guies\"},\"image\":{\"@id\":\"https:\\\/\\\/esmentguies.es\\\/ca\\\/#\\\/schema\\\/logo\\\/image\\\/\"}}]}<\/script>\n<!-- \/ Yoast SEO plugin. -->","yoast_head_json":{"title":"Pol\u00edtica de Privacitat - Esment Guies","robots":{"index":"index","follow":"follow","max-snippet":"max-snippet:-1","max-image-preview":"max-image-preview:large","max-video-preview":"max-video-preview:-1"},"canonical":"https:\/\/esmentguies.es\/ca\/politica-de-privacidad\/","og_locale":"ca_ES","og_type":"article","og_title":"Pol\u00edtica de Privacitat - Esment Guies","og_description":"Darrera modificaci\u00f3: 26 de febrer del 2021 Per favor, llegeixi aquesta pol\u00edtica detingudament. Hi trobar\u00e0 informaci\u00f3 important sobre el tractament de les seves dades personals i els drets que li reconeix la normativa vigent en la mat\u00e8ria. Ens reservem el dret d&#8217;actualitzar la nostra pol\u00edtica de privacitat en qualsevol moment amb motiu de decisions operatives, [&hellip;]","og_url":"https:\/\/esmentguies.es\/ca\/politica-de-privacidad\/","og_site_name":"Esment Guies","article_modified_time":"2025-02-13T12:06:19+00:00","twitter_card":"summary_large_image","twitter_misc":{"Temps estimat de lectura":"4 minuts"},"schema":{"@context":"https:\/\/schema.org","@graph":[{"@type":"WebPage","@id":"https:\/\/esmentguies.es\/ca\/politica-de-privacidad\/","url":"https:\/\/esmentguies.es\/ca\/politica-de-privacidad\/","name":"Pol\u00edtica de Privacitat - Esment Guies","isPartOf":{"@id":"https:\/\/esmentguies.es\/ca\/#website"},"datePublished":"2021-05-23T12:28:12+00:00","dateModified":"2025-02-13T12:06:19+00:00","breadcrumb":{"@id":"https:\/\/esmentguies.es\/ca\/politica-de-privacidad\/#breadcrumb"},"inLanguage":"ca","potentialAction":[{"@type":"ReadAction","target":["https:\/\/esmentguies.es\/ca\/politica-de-privacidad\/"]}]},{"@type":"BreadcrumbList","@id":"https:\/\/esmentguies.es\/ca\/politica-de-privacidad\/#breadcrumb","itemListElement":[{"@type":"ListItem","position":1,"name":"Portada","item":"https:\/\/esmentguies.es\/ca\/home\/"},{"@type":"ListItem","position":2,"name":"Pol\u00edtica de Privacitat"}]},{"@type":"WebSite","@id":"https:\/\/esmentguies.es\/ca\/#website","url":"https:\/\/esmentguies.es\/ca\/","name":"Esment Guies","description":"Una forma de conocer el proyecto de la entidad y de atenci\u00f3n al visitante con valor social.","publisher":{"@id":"https:\/\/esmentguies.es\/ca\/#organization"},"potentialAction":[{"@type":"SearchAction","target":{"@type":"EntryPoint","urlTemplate":"https:\/\/esmentguies.es\/ca\/?s={search_term_string}"},"query-input":{"@type":"PropertyValueSpecification","valueRequired":true,"valueName":"search_term_string"}}],"inLanguage":"ca"},{"@type":"Organization","@id":"https:\/\/esmentguies.es\/ca\/#organization","name":"Esment Guies","url":"https:\/\/esmentguies.es\/ca\/","logo":{"@type":"ImageObject","inLanguage":"ca","@id":"https:\/\/esmentguies.es\/ca\/#\/schema\/logo\/image\/","url":"https:\/\/esmentguies.es\/wp-content\/uploads\/2018\/02\/blanco.png","contentUrl":"https:\/\/esmentguies.es\/wp-content\/uploads\/2018\/02\/blanco.png","width":764,"height":188,"caption":"Esment Guies"},"image":{"@id":"https:\/\/esmentguies.es\/ca\/#\/schema\/logo\/image\/"}}]}},"pbg_featured_image_src":{"full":false,"thumbnail":false,"medium":false,"medium_large":false,"large":false,"1536x1536":false,"2048x2048":false},"pbg_author_info":{"display_name":"superadmin","author_link":"https:\/\/esmentguies.es\/ca\/author\/superadmin\/","author_img":"<img alt='superadmin' src='https:\/\/secure.gravatar.com\/avatar\/3f8f701c079a9b63b0be7dc826d51978245f4388d1bb50198f2002d3520d08c6?s=128&#038;d=mm&#038;r=g' srcset='https:\/\/secure.gravatar.com\/avatar\/3f8f701c079a9b63b0be7dc826d51978245f4388d1bb50198f2002d3520d08c6?s=256&#038;d=mm&#038;r=g 2x' class='avatar avatar-128 photo' height='128' width='128' decoding='async'\/>"},"pbg_comment_info":" No Comments","pbg_excerpt":"Darrera modificaci\u00f3: 26 de febrer del 2021 Per favor, llegeixi aquesta pol\u00edtica detingudament. Hi trobar\u00e0 informaci\u00f3 important sobre el tractament de les seves dades personals i els drets que li reconeix la normativa vigent en la mat\u00e8ria. Ens reservem el dret d&#8217;actualitzar la nostra pol\u00edtica de privacitat en qualsevol moment amb motiu de decisions operatives,&hellip;","uagb_featured_image_src":{"full":false,"thumbnail":false,"medium":false,"medium_large":false,"large":false,"1536x1536":false,"2048x2048":false},"uagb_author_info":{"display_name":"superadmin","author_link":"https:\/\/esmentguies.es\/ca\/author\/superadmin\/"},"uagb_comment_info":0,"uagb_excerpt":"Darrera modificaci\u00f3: 26 de febrer del 2021 Per favor, llegeixi aquesta pol\u00edtica detingudament. Hi trobar\u00e0 informaci\u00f3 important sobre el tractament de les seves dades personals i els drets que li reconeix la normativa vigent en la mat\u00e8ria. Ens reservem el dret d&#8217;actualitzar la nostra pol\u00edtica de privacitat en qualsevol moment amb motiu de decisions operatives,&hellip;","_links":{"self":[{"href":"https:\/\/esmentguies.es\/ca\/wp-json\/wp\/v2\/pages\/4098","targetHints":{"allow":["GET"]}}],"collection":[{"href":"https:\/\/esmentguies.es\/ca\/wp-json\/wp\/v2\/pages"}],"about":[{"href":"https:\/\/esmentguies.es\/ca\/wp-json\/wp\/v2\/types\/page"}],"author":[{"embeddable":true,"href":"https:\/\/esmentguies.es\/ca\/wp-json\/wp\/v2\/users\/1"}],"replies":[{"embeddable":true,"href":"https:\/\/esmentguies.es\/ca\/wp-json\/wp\/v2\/comments?post=4098"}],"version-history":[{"count":4,"href":"https:\/\/esmentguies.es\/ca\/wp-json\/wp\/v2\/pages\/4098\/revisions"}],"predecessor-version":[{"id":5875,"href":"https:\/\/esmentguies.es\/ca\/wp-json\/wp\/v2\/pages\/4098\/revisions\/5875"}],"wp:attachment":[{"href":"https:\/\/esmentguies.es\/ca\/wp-json\/wp\/v2\/media?parent=4098"}],"curies":[{"name":"wp","href":"https:\/\/api.w.org\/{rel}","templated":true}]}}